{"id":505,"date":"2018-01-17T14:53:33","date_gmt":"2018-01-17T13:53:33","guid":{"rendered":"http:\/\/przedszkolejenin.pl\/?page_id=505"},"modified":"2019-11-15T06:36:29","modified_gmt":"2019-11-15T05:36:29","slug":"programy-realizowane-w-naszym-przedszkolu","status":"publish","type":"page","link":"https:\/\/przedszkolejenin.pl\/index.php\/strona-glowna\/programy-realizowane-w-naszym-przedszkolu\/","title":{"rendered":"Programy realizowane w naszym przedszkolu"},"content":{"rendered":"<h5>W tym roku rozpoczynamy realizacj\u0119 nowych program\u00f3w edukacyjnych:<\/h5>\n<h6>&#8211; &#8222;Przedszkole promuj\u0105ce zdrowie&#8221;<\/h6>\n<h6>&#8211; &#8222;Czytanie na drugie \u015bniadanie&#8221;<\/h6>\n<h6>&#8211; &#8222;Ksi\u0105\u017cka na start&#8221;<\/h6>\n<h6>&#8211; &#8222;Zwierz\u0119ta naszymi przyjaci\u00f3\u0142mi&#8221;<\/h6>\n<h6>&#8211; &#8222;Bezpieczny przedszkolak&#8221;<\/h6>\n<h4>Kontynuowa\u0107 b\u0119dziemy:<\/h4>\n<h6>Program adaptacyjny \u201eId\u0119 do przedszkola\u201d<\/h6>\n<h6>Program czytelniczy \u201eKsi\u0105\u017cka moim przyjacielem\u201d<\/h6>\n<h6>Program edukacji ekologicznej \u201ePrzedszkolak \u2013 przyjacielem przyrody\u201d<\/h6>\n<h6>Program edukacji zdrowotnej \u201eKolorowy tydzie\u0144\u201d pod has\u0142em<br \/>\n\u201eZdrowo jemy \u2013 zdrowo ro\u015bniemy\u201d<\/h6>\n<h6>Program \u201ePoznajemy zawody naszych najbli\u017cszych\u201d<\/h6>\n<h6>Program \u201ePrzedszkolne pole nadziei\u201d<\/h6>\n<h6>Program edukacji muzycznej \u201eTydzie\u0144 z muzyk\u0105\u201d<\/h6>\n<h6>Program adaptacyjny dla dzieci ko\u0144cz\u0105cych Gminne Przedszkole Publiczne w Jeninie \u201eZ u\u015bmiechem do szko\u0142y\u201d<\/h6>\n<p>&nbsp;<\/p>\n<p>&nbsp;<\/p>\n","protected":false},"excerpt":{"rendered":"<p>W tym roku rozpoczynamy realizacj\u0119 nowych program\u00f3w edukacyjnych: &#8211; &#8222;Przedszkole promuj\u0105ce zdrowie&#8221; &#8211; &#8222;Czytanie na drugie \u015bniadanie&#8221; &#8211; &#8222;Ksi\u0105\u017cka na start&#8221; &#8211; &#8222;Zwierz\u0119ta naszymi przyjaci\u00f3\u0142mi&#8221; &#8211; &#8222;Bezpieczny przedszkolak&#8221; Kontynuowa\u0107 b\u0119dziemy: Program adaptacyjny \u201eId\u0119 do przedszkola\u201d Program czytelniczy \u201eKsi\u0105\u017cka moim przyjacielem\u201d Program edukacji ekologicznej \u201ePrzedszkolak \u2013 przyjacielem przyrody\u201d Program edukacji zdrowotnej \u201eKolorowy tydzie\u0144\u201d pod has\u0142em \u201eZdrowo &hellip; <a href=\"https:\/\/przedszkolejenin.pl\/index.php\/strona-glowna\/programy-realizowane-w-naszym-przedszkolu\/\" class=\"more-link\">Czytaj dalej <span class=\"screen-reader-text\">Programy realizowane w naszym przedszkolu<\/span> <span class=\"meta-nav\">&rarr;<\/span><\/a><\/p>\n","protected":false},"author":1,"featured_media":0,"parent":27,"menu_order":7,"comment_status":"closed","ping_status":"closed","template":"","meta":[],"_links":{"self":[{"href":"https:\/\/przedszkolejenin.pl\/index.php\/wp-json\/wp\/v2\/pages\/505"}],"collection":[{"href":"https:\/\/przedszkolejenin.pl\/index.php\/wp-json\/wp\/v2\/pages"}],"about":[{"href":"https:\/\/przedszkolejenin.pl\/index.php\/wp-json\/wp\/v2\/types\/page"}],"author":[{"embeddable":true,"href":"https:\/\/przedszkolejenin.pl\/index.php\/wp-json\/wp\/v2\/users\/1"}],"replies":[{"embeddable":true,"href":"https:\/\/przedszkolejenin.pl\/index.php\/wp-json\/wp\/v2\/comments?post=505"}],"version-history":[{"count":5,"href":"https:\/\/przedszkolejenin.pl\/index.php\/wp-json\/wp\/v2\/pages\/505\/revisions"}],"predecessor-version":[{"id":2901,"href":"https:\/\/przedszkolejenin.pl\/index.php\/wp-json\/wp\/v2\/pages\/505\/revisions\/2901"}],"up":[{"embeddable":true,"href":"https:\/\/przedszkolejenin.pl\/index.php\/wp-json\/wp\/v2\/pages\/27"}],"wp:attachment":[{"href":"https:\/\/przedszkolejenin.pl\/index.php\/wp-json\/wp\/v2\/media?parent=505"}],"curies":[{"name":"wp","href":"https:\/\/api.w.org\/{rel}","templated":true}]}}