{"id":1543,"date":"2019-01-08T13:09:38","date_gmt":"2019-01-08T12:09:38","guid":{"rendered":"http:\/\/przedszkolejenin.pl\/?page_id=1543"},"modified":"2025-09-15T19:52:47","modified_gmt":"2025-09-15T17:52:47","slug":"2019-2","status":"publish","type":"page","link":"https:\/\/przedszkolejenin.pl\/index.php\/galeria\/2019-2\/","title":{"rendered":"2018\/2019"},"content":{"rendered":"<p><a href=\"http:\/\/przedszkolejenin.pl\/index.php\/2018\/09\/23\/dzien-przedszkolaka-2018\/\">Dzie\u0144 Przedszkolaka 2018<\/a><\/p>\n<p><a href=\"http:\/\/przedszkolejenin.pl\/index.php\/2018\/10\/01\/bajka-przygody-krecika\/\">Bajka &#8222;Przygody Krecika&#8221;<\/a><\/p>\n<p><a href=\"http:\/\/przedszkolejenin.pl\/index.php\/2018\/10\/02\/zabajone\/\">Zabajone -spektakl oparty na bajkach i ba\u015bniach&#8221;<\/a><\/p>\n<p><a href=\"http:\/\/powiatgorzowski.pl\/aktualnosci\/glowna\/1242-przedszkolaki-z-powiatu-gorzowskiego-na-balu-niepodleglosciowym\">Udzia\u0142 w I Powiatowym Parlamencie Przedszkolaka &#8211;\u00a0http:\/\/powiatgorzowski.pl\/aktualnosci\/glowna\/1242-przedszkolaki-z-powiatu-gorzowskiego-na-balu-niepodleglosciowym<\/a><\/p>\n<p><a href=\"http:\/\/przedszkolejenin.pl\/index.php\/2018\/10\/22\/pipi-skarpetka\/\">Bajka &#8222;Pipi Skarpetka&#8221;<\/a><\/p>\n<p><a href=\"http:\/\/przedszkolejenin.pl\/index.php\/2018\/10\/30\/spotkanie-z-policjantami-2\/\">Spotkanie z policjantami<\/a><\/p>\n<p><a href=\"http:\/\/przedszkolejenin.pl\/index.php\/2018\/01\/09\/bal-jesieni\/\">Bal Jesieni 2018<\/a><\/p>\n<p>#RekordDlaNiepodleg\u0142ej<\/p>\n<div style=\"width: 604px;\" class=\"wp-video\"><!--[if lt IE 9]><script>document.createElement('video');<\/script><![endif]-->\n<video class=\"wp-video-shortcode\" id=\"video-1543-1\" width=\"604\" height=\"341\" preload=\"metadata\" controls=\"controls\"><source type=\"video\/mp4\" src=\"http:\/\/przedszkolejenin.pl\/wp-content\/uploads\/2017\/12\/RekordDlaNiepodleg\u0142ej.mp4?_=1\" \/><a href=\"http:\/\/przedszkolejenin.pl\/wp-content\/uploads\/2017\/12\/RekordDlaNiepodleg\u0142ej.mp4\">http:\/\/przedszkolejenin.pl\/wp-content\/uploads\/2017\/12\/RekordDlaNiepodleg\u0142ej.mp4<\/a><\/video><\/div>\n<p><a href=\"http:\/\/przedszkolejenin.pl\/index.php\/2018\/01\/09\/swieto-niepodleglosci\/\">100 Rocznica Odzyskania Niepodleg\u0142o\u015bci<\/a><\/p>\n<p><a href=\"http:\/\/przedszkolejenin.pl\/index.php\/2018\/02\/08\/wyjazd-do-laboratorium-w-stanowicach\/\">Wyjazd do Laboratorium w Stanowicach<\/a><\/p>\n<p><a href=\"http:\/\/przedszkolejenin.pl\/index.php\/2018\/11\/21\/kto-ty-jestes-polak-maly\/\">Edukacja muzyczna &#8222;Kto Ty jeste\u015b? Polak ma\u0142y&#8221;<\/a><\/p>\n<p><a href=\"http:\/\/przedszkolejenin.pl\/index.php\/2018\/01\/14\/bajka-kot-w-butach\/\">Bajka &#8222;Kot w butach&#8221;<\/a><\/p>\n<p><a href=\"http:\/\/przedszkolejenin.pl\/index.php\/2018\/12\/03\/swieto-pluszowego-misia\/\">\u015awi\u0119to Pluszowego Misia<\/a><\/p>\n<p><a href=\"http:\/\/przedszkolejenin.pl\/index.php\/2018\/12\/07\/mikolajowa-niespodzianka\/\">Edukacja teatralna &#8222;Miko\u0142ajowa niespodzianka&#8221;<\/a><\/p>\n<p><a href=\"http:\/\/przedszkolejenin.pl\/index.php\/2019\/01\/22\/warsztaty-swiateczne-2018-2\/\">Warsztaty \u015bwi\u0105teczne<\/a><\/p>\n<p><a href=\"http:\/\/przedszkolejenin.pl\/index.php\/2018\/12\/10\/tymoteusz-wsrod-ptakow\/\">Miko\u0142ajki w teatrze &#8211; &#8222;Tymoteusz w\u015br\u00f3d ptak\u00f3w&#8221;<\/a><\/p>\n<p><a href=\"http:\/\/przedszkolejenin.pl\/index.php\/2019\/01\/09\/konkurs-koled-i-pastoralek\/\">Konkurs kol\u0119d i pastora\u0142ek<\/a><\/p>\n<p><a href=\"http:\/\/przedszkolejenin.pl\/index.php\/2019\/01\/22\/spotkanie-z-policjantami-2019-ferie\/\">Spotkanie z policjantami &#8211; bezpieczne ferie<\/a><\/p>\n<p><a href=\"http:\/\/przedszkolejenin.pl\/index.php\/2019\/01\/22\/dzien-przedszkolaka-2019\/\">Dzie\u0144 babci i dziadka<\/a><\/p>\n<p><a href=\"http:\/\/przedszkolejenin.pl\/index.php\/2019\/02\/12\/cyrk-lesnych-robaczkow\/\">Bajka &#8222;Cyrk le\u015bnych robaczk\u00f3w&#8221;<\/a><\/p>\n<p><a href=\"http:\/\/przedszkolejenin.pl\/index.php\/2019\/02\/24\/wizyta-w-muzeum-2019\/\">Wizyta w muzeum 2019<\/a><\/p>\n<p><a href=\"http:\/\/przedszkolejenin.pl\/index.php\/2019\/03\/03\/poznajemy-instrumenty-strunowa-parada\/\">Edukacja muzyczna &#8222;Poznajemy instrumenty &#8211; strunowa parada&#8221;<\/a><\/p>\n<p><a href=\"http:\/\/przedszkolejenin.pl\/index.php\/2019\/03\/03\/czytanie-bajki-przez-mame-mai\/\">Czytanie bajek przez zaproszonych rodzic\u00f3w<\/a><\/p>\n<p><a href=\"http:\/\/przedszkolejenin.pl\/index.php\/2019\/03\/03\/bal-karnawalowy-2019\/\">Bal Karnawa\u0142owy 2019<\/a><\/p>\n<p><a href=\"http:\/\/przedszkolejenin.pl\/index.php\/2019\/03\/12\/wyjazd-do-filharmonii-2019\/\">Wyjazd do Filharmonii 2019<\/a><\/p>\n<p><a href=\"http:\/\/przedszkolejenin.pl\/index.php\/2019\/03\/21\/dzien-kobiet-2019\/\">Dzie\u0144 Ch\u0142opaka i Dzie\u0144 Kobiet<\/a><\/p>\n<p><a href=\"http:\/\/przedszkolejenin.pl\/index.php\/2019\/03\/25\/muzyczna-gnomy-trolle\/\">Edukacja muzyczna &#8222;Co tak huczy, co tak brzmi? Gnomy, trolle oraz my\u201d<\/a><\/p>\n<p><a href=\"http:\/\/przedszkolejenin.pl\/index.php\/2019\/03\/22\/dzien-wiosny-2019\/\">Dzie\u0144 Wiosny 2019<\/a><\/p>\n<p><a href=\"http:\/\/przedszkolejenin.pl\/index.php\/2019\/03\/25\/lakocie-jasia-i-malgosi\/\">Edukacja teatralna &#8222;\u0141akocie Jasia i Ma\u0142gosi&#8221;<\/a><\/p>\n<p><a href=\"http:\/\/przedszkolejenin.pl\/index.php\/2019\/04\/10\/edukacja-muzyczna-o-popielu-i-myszach\/\">Edukacja teatralna &#8222;O Popielu i myszach&#8221;<\/a><\/p>\n<p><a href=\"http:\/\/przedszkolejenin.pl\/index.php\/2019\/04\/17\/kolorowy-tydzien-2\/\">Kolorowy Tydzie\u0144<\/a><\/p>\n<p><a href=\"http:\/\/przedszkolejenin.pl\/index.php\/2019\/04\/15\/warsztaty-wielkanocne-2019\/\">Warsztaty wielkanocne 2019<\/a><\/p>\n<p><a href=\"http:\/\/przedszkolejenin.pl\/index.php\/2019\/04\/29\/wizyta-w-zakladzie-mzk-w-gorzowie-wlkp\/\">Wizyta w zak\u0142adzie MZK w Gorzowie Wlkp. &#8211; w ramach programu &#8222;Poznajemy zawody naszych najbli\u017cszych&#8221;<\/a><\/p>\n<p><a href=\"http:\/\/przedszkolejenin.pl\/index.php\/2019\/05\/15\/edukacja-muzyczna-trzy-blaszane-instrumenty-maly-wiekszy-najwiekszy\/\">Edukacja muzyczna &#8222;Trzy blaszane instrumenty &#8211; ma\u0142y, wi\u0119kszy, najwi\u0119kszy&#8221;<\/a><\/p>\n<p><a href=\"http:\/\/przedszkolejenin.pl\/index.php\/2019\/05\/15\/czytanie-pod-chmurka-w-bibliotece-w-bogdancu\/\">Czytanie pod chmurk\u0105 w Bibliotece w Bogda\u0144cu<\/a><\/p>\n<p><a href=\"http:\/\/przedszkolejenin.pl\/index.php\/2019\/05\/29\/rozstrzygniecie-konkursu-magiczny-dab-wreczenie-nagrod\/\">Rozstrzygni\u0119cie konkursu \u201eMagiczny d\u0105b\u201d \u2013 wr\u0119czenie nagr\u00f3d<\/a><\/p>\n<p><a href=\"http:\/\/przedszkolejenin.pl\/index.php\/2019\/05\/29\/edukacja-teatralna-kwiat-paproci\/\">Edukacja teatralna \u201eKwiat Paproci\u201d<\/a><\/p>\n<p><a href=\"http:\/\/przedszkolejenin.pl\/index.php\/2019\/05\/29\/poznajemy-zawody-naszych-najblizszych-wizyta-strazakow-z-osp-lubczyno\/\">Poznajemy zawody naszych najbli\u017cszych \u2013 wizyta stra\u017cak\u00f3w z OSP Lubczyno<\/a><\/p>\n<p><a href=\"http:\/\/przedszkolejenin.pl\/index.php\/2019\/06\/09\/piraci-i-skarb-pustyni\/\">Piraci i skarb pustyni<\/a><\/p>\n<p><a href=\"http:\/\/przedszkolejenin.pl\/index.php\/2019\/06\/09\/podchody-rodzinne-2019\/\">Podchody rodzinne 2019<\/a><\/p>\n<p><a href=\"http:\/\/przedszkolejenin.pl\/index.php\/2019\/06\/10\/vi-spartakiada-przedszkolakow\/\">VI Spartakiada Przedszkolak\u00f3w<\/a><\/p>\n<p><a href=\"http:\/\/przedszkolejenin.pl\/index.php\/2019\/06\/10\/noc-w-przedszkolu-2019\/\">Noc w przedszkolu 2019<\/a><\/p>\n<p><a href=\"http:\/\/przedszkolejenin.pl\/index.php\/2019\/06\/16\/wesole-polki-i-walce-czyli-z-wizyta-na-cesarskim-dworze\/\">Edukacja muzyczna &#8222;Weso\u0142e polki i walce, czyli z wizyt\u0105 na cesarskim dworze&#8221;<\/a><\/p>\n<p><a href=\"http:\/\/przedszkolejenin.pl\/index.php\/2019\/06\/17\/konkurs-ekologiczny-i-wyjazd-do-mini-zoo-w-wawrowie\/\">Konkurs ekologiczny i wyjazd do Mini ZOO w Wawrowie<\/a><\/p>\n","protected":false},"excerpt":{"rendered":"<p>Dzie\u0144 Przedszkolaka 2018 Bajka &#8222;Przygody Krecika&#8221; Zabajone -spektakl oparty na bajkach i ba\u015bniach&#8221; Udzia\u0142 w I Powiatowym Parlamencie Przedszkolaka &#8211;\u00a0http:\/\/powiatgorzowski.pl\/aktualnosci\/glowna\/1242-przedszkolaki-z-powiatu-gorzowskiego-na-balu-niepodleglosciowym Bajka &#8222;Pipi Skarpetka&#8221; Spotkanie z policjantami Bal Jesieni 2018 #RekordDlaNiepodleg\u0142ej 100 Rocznica Odzyskania Niepodleg\u0142o\u015bci Wyjazd do Laboratorium w Stanowicach Edukacja muzyczna &#8222;Kto Ty jeste\u015b? Polak ma\u0142y&#8221; Bajka &#8222;Kot w butach&#8221; \u015awi\u0119to Pluszowego Misia Edukacja teatralna &hellip; <a href=\"https:\/\/przedszkolejenin.pl\/index.php\/galeria\/2019-2\/\" class=\"more-link\">Czytaj dalej <span class=\"screen-reader-text\">2018\/2019<\/span> <span class=\"meta-nav\">&rarr;<\/span><\/a><\/p>\n","protected":false},"author":1,"featured_media":0,"parent":41,"menu_order":8,"comment_status":"closed","ping_status":"closed","template":"","meta":[],"_links":{"self":[{"href":"https:\/\/przedszkolejenin.pl\/index.php\/wp-json\/wp\/v2\/pages\/1543"}],"collection":[{"href":"https:\/\/przedszkolejenin.pl\/index.php\/wp-json\/wp\/v2\/pages"}],"about":[{"href":"https:\/\/przedszkolejenin.pl\/index.php\/wp-json\/wp\/v2\/types\/page"}],"author":[{"embeddable":true,"href":"https:\/\/przedszkolejenin.pl\/index.php\/wp-json\/wp\/v2\/users\/1"}],"replies":[{"embeddable":true,"href":"https:\/\/przedszkolejenin.pl\/index.php\/wp-json\/wp\/v2\/comments?post=1543"}],"version-history":[{"count":36,"href":"https:\/\/przedszkolejenin.pl\/index.php\/wp-json\/wp\/v2\/pages\/1543\/revisions"}],"predecessor-version":[{"id":15102,"href":"https:\/\/przedszkolejenin.pl\/index.php\/wp-json\/wp\/v2\/pages\/1543\/revisions\/15102"}],"up":[{"embeddable":true,"href":"https:\/\/przedszkolejenin.pl\/index.php\/wp-json\/wp\/v2\/pages\/41"}],"wp:attachment":[{"href":"https:\/\/przedszkolejenin.pl\/index.php\/wp-json\/wp\/v2\/media?parent=1543"}],"curies":[{"name":"wp","href":"https:\/\/api.w.org\/{rel}","templated":true}]}}