{"id":12038,"date":"2024-09-08T19:44:20","date_gmt":"2024-09-08T17:44:20","guid":{"rendered":"https:\/\/przedszkolejenin.pl\/?page_id=12038"},"modified":"2025-09-15T19:47:50","modified_gmt":"2025-09-15T17:47:50","slug":"2024-2025","status":"publish","type":"page","link":"https:\/\/przedszkolejenin.pl\/index.php\/galeria\/2024-2025\/","title":{"rendered":"2024\/2025"},"content":{"rendered":"\n<p><a href=\"https:\/\/przedszkolejenin.pl\/index.php\/2025\/06\/28\/uroczyste-zakonczenie-roku-2024-2025\/\" data-type=\"post\" data-id=\"15009\">Uroczyste Zako\u0144czenie Roku 2024\/2025<\/a><\/p>\n\n\n\n<p><a href=\"http:\/\/przedszkolejenin.pl\/index.php\/2025\/06\/14\/dzien-rodziny-piknik-edukacyjny\/\" data-type=\"post\" data-id=\"14931\">Dzie\u0144 Rodziny \u2013 Piknik Edukacyjny<\/a><\/p>\n\n\n\n<p><a href=\"https:\/\/przedszkolejenin.pl\/index.php\/2025\/06\/08\/nocka-w-przedszkolu-3\/\" data-type=\"post\" data-id=\"14840\">Nocka w przedszkolu<\/a><\/p>\n\n\n\n<p><a href=\"https:\/\/przedszkolejenin.pl\/index.php\/2025\/06\/04\/dzien-dziecka-2\/\" data-type=\"post\" data-id=\"14806\">Dzie\u0144 dziecka<\/a><\/p>\n\n\n\n<p><a href=\"http:\/\/przedszkolejenin.pl\/index.php\/2025\/05\/11\/wyjazd-do-parku-dinozaurow-w-nowinach-wielkich\/\" data-type=\"post\" data-id=\"14714\">Wyjazd do Parku Dinozaur\u00f3w w Nowinach Wielkich<\/a><\/p>\n\n\n\n<p><a href=\"http:\/\/przedszkolejenin.pl\/index.php\/2025\/04\/25\/spotkanie-ze-strazakami-z-miejskiej-panstwowej-strazy-pozarnej-w-gorzowie-wielkopolskim\/\" data-type=\"post\" data-id=\"14576\">Spotkanie ze stra\u017cakami z Miejskiej Pa\u0144stwowej Stra\u017cy Po\u017carnej w Gorzowie Wielkopolskim<\/a><\/p>\n\n\n\n<p><a href=\"http:\/\/przedszkolejenin.pl\/index.php\/2025\/04\/18\/poszukiwanie-wielkanocnych-jaj-spotkanie-z-zajacem\/\" data-type=\"post\" data-id=\"14501\">Poszukiwanie wielkanocnych jaj-spotkanie z zaj\u0105cem<\/a><\/p>\n\n\n\n<p><a href=\"http:\/\/przedszkolejenin.pl\/index.php\/2025\/04\/16\/zdjecia-wielkanocne-jezykow\/\" data-type=\"post\" data-id=\"14434\">Zdj\u0119cia wielkanocne Je\u017cyk\u00f3w<\/a><\/p>\n\n\n\n<p><a href=\"http:\/\/przedszkolejenin.pl\/index.php\/2025\/04\/16\/zdjecia-wielkanocne-wiewiorek\/\" data-type=\"post\" data-id=\"14360\">Zdj\u0119cia wielkanocne Wiewi\u00f3rek<\/a><\/p>\n\n\n\n<p><a href=\"http:\/\/przedszkolejenin.pl\/index.php\/2025\/04\/16\/wiosenny-ogrodek-wiewiorek\/\" data-type=\"post\" data-id=\"14459\">Wiosenny ogr\u00f3dek Wiewi\u00f3rek<\/a><\/p>\n\n\n\n<p><a href=\"http:\/\/przedszkolejenin.pl\/index.php\/2025\/04\/15\/wyjazd-na-farme-u-michalow\/\" data-type=\"post\" data-id=\"14279\">Wyjazd na Farm\u0119 u Micha\u0142\u00f3w<\/a><\/p>\n\n\n\n<p><a href=\"http:\/\/przedszkolejenin.pl\/index.php\/2025\/04\/10\/spotkanie-z-programista-rodzicem-dziecka-z-grupy-wiewiorki\/\" data-type=\"post\" data-id=\"14229\">Spotkanie z programist\u0105 \u2013 rodzicem dziecka z grupy Wiewi\u00f3rki<\/a><\/p>\n\n\n\n<p><a href=\"http:\/\/przedszkolejenin.pl\/index.php\/2025\/04\/05\/kolorowy-tydzien-grupa-jezyki\/\" data-type=\"post\" data-id=\"14134\">Kolorowy tydzie\u0144 grupa Je\u017cyki<\/a><\/p>\n\n\n\n<p><a href=\"http:\/\/przedszkolejenin.pl\/index.php\/2025\/04\/05\/kolorowy-tydzien-grupa-wiewiorki\/\" data-type=\"post\" data-id=\"14073\">Kolorowy tydzie\u0144 grupa Wiewi\u00f3rki<\/a><\/p>\n\n\n\n<p><a href=\"http:\/\/przedszkolejenin.pl\/index.php\/2025\/04\/02\/spotkanie-ze-studentami-jak-dbac-o-zeby\/\" data-type=\"post\" data-id=\"14054\">Spotkanie ze studentami \u2013 jak dba\u0107 o z\u0119by<\/a><\/p>\n\n\n\n<p><a href=\"http:\/\/przedszkolejenin.pl\/index.php\/2025\/04\/02\/sadzenie-bratkow-grupa-jezyki\/\" data-type=\"post\" data-id=\"14022\">Sadzenie bratk\u00f3w grupa Je\u017cyki<\/a><\/p>\n\n\n\n<p><a href=\"http:\/\/przedszkolejenin.pl\/index.php\/2025\/04\/02\/sadzenie-bratkow-grupa-wiewiorki\/\" data-type=\"post\" data-id=\"14002\">Sadzenie bratk\u00f3w grupa Wiewi\u00f3rki<\/a><\/p>\n\n\n\n<p><a href=\"http:\/\/przedszkolejenin.pl\/index.php\/2025\/04\/02\/przedszkolne-pole-nadziei-zakwitlo-pomagamy-pamietamy-o-tych-ktorzy-odeszli\/\" data-type=\"post\" data-id=\"14045\">Przedszkolne Pole Nadziei zakwit\u0142o \u2013 pomagamy, pami\u0119tamy o tych, kt\u00f3rzy odeszli<\/a><\/p>\n\n\n\n<p><a href=\"http:\/\/przedszkolejenin.pl\/index.php\/2025\/03\/23\/pierwszy-dzien-wiosny-na-zielono-i-sportowo-spotkanie-ze-sportowcem-z-kangoo-basket\/\" data-type=\"post\" data-id=\"13905\">Pierwszy Dzie\u0144 Wiosny na zielono i sportowo \u2013 spotkanie ze sportowcem z Kangoo Basket<\/a><\/p>\n\n\n\n<p><a href=\"http:\/\/przedszkolejenin.pl\/index.php\/2025\/03\/12\/wyjazd-grupy-jezyki-do-gminnej-biblioteki-publicznej-w-bogdancu\/\" data-type=\"post\" data-id=\"13850\">Wyjazd grupy Je\u017cyki do Gminnej Biblioteki Publicznej w Bogda\u0144cu<\/a><\/p>\n\n\n\n<p><a href=\"http:\/\/przedszkolejenin.pl\/index.php\/2025\/03\/12\/wyjazd-grupy-wiewiorki-do-centrum-laboratoryjne-sowa\/\" data-type=\"post\" data-id=\"13822\">Wyjazd grupy Wiewi\u00f3rki do Centrum Laboratoryjne Sowa<\/a><\/p>\n\n\n\n<p><a href=\"https:\/\/przedszkolejenin.pl\/index.php\/2025\/03\/10\/dzien-kobiet-2\/\" data-type=\"post\" data-id=\"13790\">Dzie\u0144 Kobiet<\/a><\/p>\n\n\n\n<p><a href=\"http:\/\/przedszkolejenin.pl\/index.php\/2025\/03\/04\/czytanie-na-drugie-sniadanie-przez-pracownika-gbp-w-bogdancu\/\" data-type=\"post\" data-id=\"13764\">Czytanie na drugie \u015bniadanie przez pracownika GBP w Bogda\u0144cu<\/a><\/p>\n\n\n\n<p><a href=\"http:\/\/przedszkolejenin.pl\/index.php\/2025\/02\/28\/innowacja-taneczna-wprowadzenie-do-tanca-ludowego-krakowiak\/\" data-type=\"post\" data-id=\"13752\">Innowacja taneczna \u2013 wprowadzenie do ta\u0144ca ludowego Krakowiak<\/a><\/p>\n\n\n\n<p><a href=\"http:\/\/przedszkolejenin.pl\/index.php\/2025\/02\/27\/tlusty-czwartek\/\" data-type=\"post\" data-id=\"13688\">T\u0142usty czwartek<\/a><\/p>\n\n\n\n<p><a href=\"http:\/\/przedszkolejenin.pl\/index.php\/2025\/02\/27\/innowacja-kodowanie-na-dywanie-2\/\" data-type=\"post\" data-id=\"13675\">Innowacja Kodowanie na dywanie<\/a><\/p>\n\n\n\n<p><a href=\"http:\/\/przedszkolejenin.pl\/index.php\/2025\/02\/27\/innowacja-badawcza\/\" data-type=\"post\" data-id=\"13663\">Innowacja badawcza<\/a><\/p>\n\n\n\n<p><a href=\"http:\/\/przedszkolejenin.pl\/index.php\/2025\/02\/26\/dzien-dinozaura-grupa-jezyki\/\" data-type=\"post\" data-id=\"13593\">Dzie\u0144 Dinozaura grupa Je\u017cyki<\/a><\/p>\n\n\n\n<p><a href=\"http:\/\/przedszkolejenin.pl\/index.php\/2025\/02\/26\/dzien-dinozaura-grupa-wiewiorki\/\" data-type=\"post\" data-id=\"13633\">Dzie\u0144 Dinozaura grupa Wiewi\u00f3rki<\/a><\/p>\n\n\n\n<p><a href=\"http:\/\/przedszkolejenin.pl\/index.php\/2025\/02\/17\/dzien-kota\/\" data-type=\"post\" data-id=\"13571\">Dzie\u0144 kota<\/a><\/p>\n\n\n\n<p><a href=\"http:\/\/przedszkolejenin.pl\/index.php\/2025\/02\/15\/walentynki-i-zabawy-na-sniegu\/\" data-type=\"post\" data-id=\"13515\">Walentynki i zabawy na \u015bniegu<\/a><\/p>\n\n\n\n<p><a href=\"http:\/\/przedszkolejenin.pl\/index.php\/2025\/02\/08\/dzien-babci-i-dziadka-polaczony-z-balem-karnawalowym\/\" data-type=\"post\" data-id=\"13455\">Dzie\u0144 Babci i Dziadka po\u0142\u0105czony z Balem Karnawa\u0142owym<\/a><\/p>\n\n\n\n<p><a href=\"http:\/\/przedszkolejenin.pl\/index.php\/2025\/02\/02\/wyjazd-do-sali-zabaw-arkadia-2\/\" data-type=\"post\" data-id=\"13418\">Wyjazd do sali zabaw Arkadia<\/a><\/p>\n\n\n\n<p><a href=\"http:\/\/przedszkolejenin.pl\/index.php\/2025\/01\/26\/wosp-2025\/\" data-type=\"post\" data-id=\"13399\">WO\u015aP 2025<\/a><\/p>\n\n\n\n<p><a href=\"http:\/\/przedszkolejenin.pl\/index.php\/2025\/01\/13\/zabawy-na-sniegu\/\" data-type=\"post\" data-id=\"13380\">Zabawy na \u015bniegu<\/a><\/p>\n\n\n\n<p><a href=\"http:\/\/przedszkolejenin.pl\/index.php\/2024\/12\/22\/spotkanie-z-pracownikiem-stacji-sanitarno-epidemiologicznej-w-gorzowie-wlkp\/\" data-type=\"post\" data-id=\"13332\">Spotkanie z pracownikiem Stacji sanitarno \u2013 epidemiologicznej w Gorzowie Wlkp.<\/a><\/p>\n\n\n\n<p><a href=\"http:\/\/przedszkolejenin.pl\/index.php\/2024\/12\/17\/pieczenie-piernikow-grupa-jezyki\/\" data-type=\"post\" data-id=\"13227\">Pieczenie piernik\u00f3w grupa Je\u017cyki<\/a><\/p>\n\n\n\n<p><a href=\"http:\/\/przedszkolejenin.pl\/index.php\/2024\/12\/17\/pieczenie-piernikow-grupa-wiewiorki\/\" data-type=\"post\" data-id=\"13279\">Pieczenie piernik\u00f3w grupa Wiewi\u00f3rki<\/a><\/p>\n\n\n\n<p><a href=\"http:\/\/przedszkolejenin.pl\/index.php\/2024\/12\/15\/zakonczenie-projektu-przedszkolak-w-swiecie-kultury\/\" data-type=\"post\" data-id=\"13204\">Zako\u0144czenie projektu \u201ePrzedszkolak w \u015bwiecie kultury\u201d<\/a><\/p>\n\n\n\n<p><a href=\"http:\/\/przedszkolejenin.pl\/index.php\/2024\/12\/15\/teatr-kukielkowy-w-ramach-projektu-przedszkolak-w-swiecie-kultury\/\" data-type=\"post\" data-id=\"13160\">Teatr kukie\u0142kowy w ramach projektu \u201ePrzedszkolak w \u015bwiecie kultury\u201d<\/a><\/p>\n\n\n\n<p><a href=\"http:\/\/przedszkolejenin.pl\/index.php\/2024\/12\/09\/wyjazd-do-filharmonii-na-musical-ksiega-dzungli\/\" data-type=\"post\" data-id=\"13137\">Wyjazd do Filharmonii na Musical \u201eKsi\u0119ga D\u017cungli\u201d<\/a><\/p>\n\n\n\n<p><a href=\"http:\/\/przedszkolejenin.pl\/index.php\/2024\/12\/07\/mikolajki-2\/\" data-type=\"post\" data-id=\"13104\">Miko\u0142ajki<\/a><\/p>\n\n\n\n<p><a href=\"http:\/\/przedszkolejenin.pl\/index.php\/2024\/12\/05\/ubieranie-choinki-grupa-jezyki\/\" data-type=\"post\" data-id=\"13049\">Ubieranie choinki grupa Je\u017cyki<\/a><\/p>\n\n\n\n<p><a href=\"http:\/\/przedszkolejenin.pl\/index.php\/2024\/12\/05\/ubieranie-choinki-grupa-wiewiorki\/\" data-type=\"post\" data-id=\"13075\">Ubieranie choinki grupa Wiewi\u00f3rki<\/a><\/p>\n\n\n\n<p><a href=\"http:\/\/przedszkolejenin.pl\/index.php\/2024\/12\/05\/muzyczne-inspiracje-w-ramach-projektu-przedszkolak-w-swiecie-kultury\/\" data-type=\"post\" data-id=\"13024\">Muzyczne inspiracje w ramach projektu \u201ePrzedszkolak w \u015bwiecie kultury\u201d<\/a><\/p>\n\n\n\n<p><a href=\"http:\/\/przedszkolejenin.pl\/index.php\/2024\/12\/05\/przedstawienie-balwanek-tiko-i-krolowa-fruncja-w-ramach-projektu-przedszkolak-w-swiecie-kultury\/\" data-type=\"post\" data-id=\"13003\">Przedstawienie \u201eBa\u0142wanek Tiko i Kr\u00f3lowa Fruncja\u201d w ramach projektu \u201ePrzedszkolak w \u015bwiecie kultury\u201d<\/a><\/p>\n\n\n\n<p><a href=\"http:\/\/przedszkolejenin.pl\/index.php\/2024\/12\/01\/wizyta-w-muzeum-lubuskim-w-bogdancu-oraz-w-nadlesnictwie-bogdaniec\/\" data-type=\"post\" data-id=\"12920\">Wizyta w Muzeum Lubuskim w Bogda\u0144cu oraz w Nadle\u015bnictwie Bogdaniec<\/a><\/p>\n\n\n\n<p><a href=\"http:\/\/przedszkolejenin.pl\/index.php\/2024\/11\/25\/dzien-pluszowego-misia-2\/\" data-type=\"post\" data-id=\"12847\">Dzie\u0144 Pluszowego Misia<\/a><\/p>\n\n\n\n<p><a href=\"http:\/\/przedszkolejenin.pl\/index.php\/2024\/11\/25\/ii-przeglad-tworczosci-dzieciecej\/\" data-type=\"post\" data-id=\"12827\">II Przegl\u0105d Tw\u00f3rczo\u015bci Dzieci\u0119cej<\/a><\/p>\n\n\n\n<p><a href=\"http:\/\/przedszkolejenin.pl\/index.php\/2024\/11\/25\/pierwszy-snieg\/\" data-type=\"post\" data-id=\"12816\">Pierwszy \u015bnieg<\/a><\/p>\n\n\n\n<p><a href=\"http:\/\/przedszkolejenin.pl\/index.php\/2024\/11\/17\/w-swiecie-kultury-muzyczne-inspiracje-zajecia-w-ramach-projektu-przedszkolak-w-swiecie-kultury\/\" data-type=\"post\" data-id=\"12788\">\u201eW \u015bwiecie kultury\u201d \u2013 muzyczne inspiracje \u2013 zaj\u0119cia w ramach projektu \u201ePrzedszkolak w \u015bwiecie kultury\u201d<\/a><\/p>\n\n\n\n<p><a href=\"http:\/\/przedszkolejenin.pl\/index.php\/2024\/11\/17\/wyjazd-do-gbp-w-bogdancu-w-ramach-projektu-przedszkolak-w-swiecie-kultury-zespol-spiewaczy\/\" data-type=\"post\" data-id=\"12779\">Wyjazd do GBP w Bogda\u0144cu w ramach projektu &#8222;Przedszkolak w \u015bwiecie kultury&#8221; \u2013 zesp\u00f3\u0142 \u015bpiewaczy<\/a><\/p>\n\n\n\n<p><a href=\"http:\/\/przedszkolejenin.pl\/index.php\/2024\/11\/12\/obchody-z-okazji-11-listopada-swieto-niepodleglosci\/\" data-type=\"post\" data-id=\"12759\">Obchody z okazji 11 listopada \u2013 \u201e\u015awi\u0119to Niepodleg\u0142o\u015bci\u201d<\/a><\/p>\n\n\n\n<p><a href=\"http:\/\/przedszkolejenin.pl\/index.php\/2024\/11\/12\/teatr-kamishibai-2\/\" data-type=\"post\" data-id=\"12757\">Teatr Kamishibai<\/a><\/p>\n\n\n\n<p><a href=\"http:\/\/przedszkolejenin.pl\/index.php\/2024\/11\/12\/wyjazd-do-gminnej-biblioteki-publicznej-w-bogdancu-w-ramach-projektu-przedszkolak-w-swiecie-kultury\/\" data-type=\"post\" data-id=\"12755\">Wyjazd do Gminnej Biblioteki Publicznej w Bogda\u0144cu w ramach projektu \u201ePrzedszkolak w \u015bwiecie kultury\u201d<\/a><\/p>\n\n\n\n<p><a href=\"http:\/\/przedszkolejenin.pl\/index.php\/2024\/10\/30\/bal-jesieni-4\/\" data-type=\"post\" data-id=\"12713\">Bal Jesieni<\/a><\/p>\n\n\n\n<p><a href=\"http:\/\/przedszkolejenin.pl\/index.php\/2024\/10\/30\/spotkanie-z-policjantami-4\/\" data-type=\"post\" data-id=\"12711\">Spotkanie z policjantami<\/a><\/p>\n\n\n\n<p><a href=\"http:\/\/przedszkolejenin.pl\/index.php\/2024\/10\/27\/codeweek2024\/\" data-type=\"post\" data-id=\"12628\">Codeweek2024 w grupie Wiewi\u00f3rki<\/a><\/p>\n\n\n\n<p><a href=\"http:\/\/przedszkolejenin.pl\/index.php\/2024\/10\/27\/innowacja-badawcza-w-grupie-jezyki\/\" data-type=\"post\" data-id=\"12630\">Innowacja badawcza w grupie Je\u017cyki<\/a><\/p>\n\n\n\n<p><a href=\"http:\/\/przedszkolejenin.pl\/index.php\/2024\/10\/27\/dyzurni-2\/\" data-type=\"post\" data-id=\"12632\">Dy\u017curni<\/a><\/p>\n\n\n\n<p><a href=\"http:\/\/przedszkolejenin.pl\/index.php\/2024\/10\/22\/wyjazd-do-sali-zabaw-arkadia\/\" data-type=\"post\" data-id=\"12594\">Wyjazd do sali zabaw Arkadia<\/a><\/p>\n\n\n\n<p><a href=\"http:\/\/przedszkolejenin.pl\/index.php\/2024\/10\/16\/dzien-komisji-edukacji-narodowej\/\" data-type=\"post\" data-id=\"12548\">Dzie\u0144 Komisji Edukacji Narodowej<\/a><\/p>\n\n\n\n<p><a href=\"http:\/\/przedszkolejenin.pl\/index.php\/2024\/10\/14\/spacer-jezykow\/\" data-type=\"post\" data-id=\"12524\">Spacer Je\u017cyk\u00f3w<\/a><\/p>\n\n\n\n<p><a href=\"http:\/\/przedszkolejenin.pl\/index.php\/2024\/10\/06\/innowacja-kodowanie-na-dywanie\/\" data-type=\"post\" data-id=\"12502\">Innowacja \u201eKodowanie na dywanie\u201d<\/a><\/p>\n\n\n\n<p><a href=\"http:\/\/przedszkolejenin.pl\/index.php\/2024\/10\/06\/innowacja-tance-hulance\/\" data-type=\"post\" data-id=\"12500\">Innowacja \u201eTa\u0144ce \u2013 hula\u0144ce\u201d<\/a><\/p>\n\n\n\n<p><a href=\"http:\/\/przedszkolejenin.pl\/index.php\/2024\/10\/03\/innowacja-badawcza-przedszkolak-odkrywca-i-przyjacielem-przyrody\/\" data-type=\"post\" data-id=\"12477\">Innowacja badawcza \u201eDziecko badaczem i odkrywc\u0105 przyrody&#8221; w grupie Wiewi\u00f3rki<\/a><\/p>\n\n\n\n<p><a href=\"http:\/\/przedszkolejenin.pl\/index.php\/2024\/10\/02\/przedszkolak-w-swiecie-kultury-rozpoczecie-w-bibliotece-w-bogdancu\/\" data-type=\"post\" data-id=\"12452\">Przedszkolak w \u015bwiecie kultury \u2013 rozpocz\u0119cie &#8211; wyjazd do Gminnej Biblioteki Publicznej w Bogda\u0144cu<\/a><\/p>\n\n\n\n<p><a href=\"http:\/\/przedszkolejenin.pl\/index.php\/2024\/10\/01\/czytanie-na-drugie-sniadanie-3\/\" data-type=\"post\" data-id=\"12380\">Czytanie na drugie \u015bniadanie<\/a><\/p>\n\n\n\n<p><a href=\"http:\/\/przedszkolejenin.pl\/index.php\/2024\/09\/30\/dzien-chlopaka-2024\/\" data-type=\"post\" data-id=\"12360\">Dzie\u0144 Ch\u0142opaka 2024<\/a><\/p>\n\n\n\n<p><a href=\"http:\/\/przedszkolejenin.pl\/index.php\/2024\/09\/24\/dzien-z-jesiennym-kwiatkiem-2024\/\" data-type=\"post\" data-id=\"12310\">Dzie\u0144 z jesiennym kwiatkiem 2024<\/a><\/p>\n\n\n\n<p><a href=\"http:\/\/przedszkolejenin.pl\/index.php\/2024\/09\/24\/wycieczka-wiewiorek-na-pobliskie-rondo\/\" data-type=\"post\" data-id=\"12277\">Wycieczka Wiewi\u00f3rek na pobliskie rondo<\/a><\/p>\n\n\n\n<p><a href=\"http:\/\/przedszkolejenin.pl\/index.php\/2024\/09\/21\/dzien-przedszkolaka-2024-2025\/\" data-type=\"post\" data-id=\"12179\">Dzie\u0144 Przedszkolaka 2024\/2025<\/a><\/p>\n\n\n\n<p><a href=\"http:\/\/przedszkolejenin.pl\/index.php\/2024\/09\/18\/dzien-kropki-2024-2\/\" data-type=\"post\" data-id=\"12098\">Dzie\u0144 kropki 2024<\/a><\/p>\n","protected":false},"excerpt":{"rendered":"<p>Uroczyste Zako\u0144czenie Roku 2024\/2025 Dzie\u0144 Rodziny \u2013 Piknik Edukacyjny Nocka w przedszkolu Dzie\u0144 dziecka Wyjazd do Parku Dinozaur\u00f3w w Nowinach Wielkich Spotkanie ze stra\u017cakami z Miejskiej Pa\u0144stwowej Stra\u017cy Po\u017carnej w Gorzowie Wielkopolskim Poszukiwanie wielkanocnych jaj-spotkanie z zaj\u0105cem Zdj\u0119cia wielkanocne Je\u017cyk\u00f3w Zdj\u0119cia wielkanocne Wiewi\u00f3rek Wiosenny ogr\u00f3dek Wiewi\u00f3rek Wyjazd na Farm\u0119 u Micha\u0142\u00f3w Spotkanie z programist\u0105 \u2013 &hellip; <a href=\"https:\/\/przedszkolejenin.pl\/index.php\/galeria\/2024-2025\/\" class=\"more-link\">Czytaj dalej <span class=\"screen-reader-text\">2024\/2025<\/span> <span class=\"meta-nav\">&rarr;<\/span><\/a><\/p>\n","protected":false},"author":1,"featured_media":0,"parent":41,"menu_order":1,"comment_status":"closed","ping_status":"closed","template":"","meta":[],"_links":{"self":[{"href":"https:\/\/przedszkolejenin.pl\/index.php\/wp-json\/wp\/v2\/pages\/12038"}],"collection":[{"href":"https:\/\/przedszkolejenin.pl\/index.php\/wp-json\/wp\/v2\/pages"}],"about":[{"href":"https:\/\/przedszkolejenin.pl\/index.php\/wp-json\/wp\/v2\/types\/page"}],"author":[{"embeddable":true,"href":"https:\/\/przedszkolejenin.pl\/index.php\/wp-json\/wp\/v2\/users\/1"}],"replies":[{"embeddable":true,"href":"https:\/\/przedszkolejenin.pl\/index.php\/wp-json\/wp\/v2\/comments?post=12038"}],"version-history":[{"count":61,"href":"https:\/\/przedszkolejenin.pl\/index.php\/wp-json\/wp\/v2\/pages\/12038\/revisions"}],"predecessor-version":[{"id":15058,"href":"https:\/\/przedszkolejenin.pl\/index.php\/wp-json\/wp\/v2\/pages\/12038\/revisions\/15058"}],"up":[{"embeddable":true,"href":"https:\/\/przedszkolejenin.pl\/index.php\/wp-json\/wp\/v2\/pages\/41"}],"wp:attachment":[{"href":"https:\/\/przedszkolejenin.pl\/index.php\/wp-json\/wp\/v2\/media?parent=12038"}],"curies":[{"name":"wp","href":"https:\/\/api.w.org\/{rel}","templated":true}]}}